{"id":1340,"date":"2023-03-02T12:02:50","date_gmt":"2023-03-02T12:02:50","guid":{"rendered":"https:\/\/www.alpelunata.it\/ciro\/?page_id=1340"},"modified":"2023-03-22T18:05:15","modified_gmt":"2023-03-22T18:05:15","slug":"don-giuseppe-andreoli","status":"publish","type":"page","link":"https:\/\/www.alpelunata.it\/ciro\/biografie\/don-giuseppe-andreoli\/","title":{"rendered":"Don Giuseppe Andreoli"},"content":{"rendered":"<div class=\"gb-grid-wrapper gb-grid-wrapper-f101a22f\">\n<div class=\"gb-grid-column gb-grid-column-87131dbf\"><div class=\"gb-container gb-container-87131dbf\">\n\n<figure class=\"gb-block-image gb-block-image-436448b0\"><img loading=\"lazy\" decoding=\"async\" width=\"300\" height=\"300\" class=\"gb-image gb-image-436448b0 is-style-rounded\" src=\"https:\/\/www.alpelunata.it\/ciro\/wp-content\/uploads\/2023\/03\/ritratto-don-giuseppe-andreoli-square-300x300-1-e1679507319468.jpg\" srcset=\"https:\/\/www.alpelunata.it\/ciro\/wp-content\/uploads\/2023\/03\/ritratto-don-giuseppe-andreoli-square-300x300-1-e1679507319468.jpg 300w, https:\/\/www.alpelunata.it\/ciro\/wp-content\/uploads\/2023\/03\/ritratto-don-giuseppe-andreoli-square-300x300-1-e1679507319468-150x150.jpg 150w\" sizes=\"auto, (max-width: 300px) 100vw, 300px\" \/><\/figure>\n\n<\/div><\/div>\n\n<div class=\"gb-grid-column gb-grid-column-c02b6c1e\"><div class=\"gb-container gb-container-c02b6c1e\">\n\n<h1 class=\"gb-headline gb-headline-84401a9d gb-headline-text\">Don Giuseppe Andreoli<\/h1>\n\n\n\n<p class=\"wp-block-paragraph\">Nasce a San Possidonio (MO) il <strong>6 gennaio 1789<\/strong>, da Luigi e Antonia Soresina Jugali. Manifesta gi\u00e0 da adolescente il desiderio di diventare sacerdote, ma per la situazione economica e l&#8217;avversione paterna intraprese studi tecnici, diventando agrimensore nel 1813 all&#8217;Universit\u00e0 di Bologna.<\/p>\n\n\n\n<p class=\"wp-block-paragraph\">Nel <strong>1814 entr\u00f2 in seminario<\/strong> a Reggio Emilia, dove coltiv\u00f2 i propri interessi letterari e dove venne ordinato sacerdote il 6 aprile 1817.<\/p>\n\n\n\n<p class=\"wp-block-paragraph\">Nel 1819 ebbe l&#8217;incarico di istitutore in una nobile famiglia di Reggio e precisamente divenne \u00abprecettore di Rettorica\u00bb dei conti Domenico e Francesco Soliani Raschini. Nel salotto dei Soliani avrebbe cominciato a sentire discorsi progressisti e democratici.<\/p>\n\n\n\n<p class=\"wp-block-paragraph\">Nella famiglia di Carlo e Giuseppe Fattori, sarebbe venuto in contatto vero e proprio con la Carboneria, alla quale si sarebbe poi <strong>affiliato nella primavera del 1820<\/strong>.<\/p>\n\n\n\n<p class=\"wp-block-paragraph\">Nel 1820, grazie ai Soliani, ottenne la cattedra di grammatica e retorica nel Collegio di Correggio: era un&#8217;antica istituzione riaperta dal Duca di Modena e Reggio solo l&#8217;anno precedente per accontentare sia la nobilt\u00e0 locale sia la diocesi; infatti era anche seminario e perci\u00f2 assoggettata al vescovo.<\/p>\n\n\n\n<h4 class=\"gb-headline gb-headline-d11621c5 gb-headline-text\">L&#8217;arresto<\/h4>\n\n\n\n<p class=\"wp-block-paragraph\">Il <strong>26 febbraio 1822<\/strong>, il sacerdote <strong>venne arrestato<\/strong> dalla polizia del Duca nella sua camera all&#8217;interno del seminario-collegio, dopo una sosta di qualche ora a Reggio venne trasferito a Modena la mattina del 27 per essere interrogato.<\/p>\n\n\n\n<p class=\"wp-block-paragraph\">A contestargli le accuse fu il governatore Luigi Coccapani, marchese e \u201cministro di buon governo\u201d, che poi lo affid\u00f2 alle mani di Giulio Besini, famigerato capo della polizia.<\/p>\n\n\n\n<h4 class=\"gb-headline gb-headline-f863105a gb-headline-text\">Il processo<\/h4>\n\n\n\n<p class=\"wp-block-paragraph\">I <strong>tribunali statari straordinari<\/strong> erano corti speciali istituite nel marzo 1821 da Francesco IV per reprimere gli oppositori, in particolare per <strong>perseguire i \u201ccrimini\u201d di lesa maest\u00e0<\/strong> e <strong>aderenza a sette e associazioni segrete<\/strong>. <\/p>\n\n\n\n<p class=\"wp-block-paragraph\">Eccezionale erano le procedure: abolivano ogni \u00abprivilegio di Foro\u00bb, che in questo caso significava sottrarre il sacerdote al tribunale ecclesiastico, poi  dovevano \u00abgiudicare sommariamente, ed in unica istanza\u00bb. Dunque <strong>giudizio sommario e inappellabile<\/strong>.<\/p>\n\n\n\n<p class=\"wp-block-paragraph\">Nel settembre 1820, il sovrano aveva decretato la decapitazione per gli appartenenti a societ\u00e0 segrete e quindi questi tribunali speciali potevano mandare a morte i condannati.<\/p>\n\n\n\n<p class=\"wp-block-paragraph\">Negli interrogatori Andreoli avrebbe negato ogni addebito, ma si sarebbe confidato con un compagno di cella che in realt\u00e0 era una spia. Questa l&#8217;unica \u201cprova\u201d in mano all&#8217;accusa.<\/p>\n\n\n\n<p class=\"wp-block-paragraph\">Secondo gli storici, pertanto, \u00e8 falso definirlo \u00abreo confesso e convinto\u00bb come fecero i giudici ducali per condurlo al patibolo. <strong>Gli atti dell&#8217;istruttoria<\/strong>, peraltro, <strong>furono presto distrutti<\/strong> dalle autorit\u00e0 estensi, quindi ogni ricostruzione si basa sull&#8217;oralit\u00e0 di testimoni pi\u00f9 o meno diretti. \u00c8 giunto invece fino ai nostri giorni il testo della condanna, precisamente il decreto con cui Francesco IV conferm\u00f2 le \u00absentenze definitive\u00bb.<\/p>\n\n\n\n<p class=\"wp-block-paragraph\">Con don Giuseppe Andreoli erano una sessantina i patrioti denunciati: diversi furono processati \u00abcontumaci o profughi\u00bb, gli altri torturati e drogati per estorcere \u201cconfessioni\u201d e nomi. <strong>La sentenza fu emessa l&#8217;11 settembre 1822<\/strong>: 47 i condannati, dei quali dieci \u2013 compreso il prete \u2013 a morte, ma per tutti, tranne Andreoli, la pena fu commutata nell&#8217;ergastolo o graziata.<\/p>\n\n\n\n<h4 class=\"gb-headline gb-headline-b58b987f gb-headline-text\">L&#8217;esecuzione<\/h4>\n\n\n\n<p class=\"wp-block-paragraph\">Contro la pena capitale, evidentemente spropositata, intervenne inutilmente, fra gli altri, il vescovo di Reggio, recandosi di persona a Verona dove soggiornava in quei giorni il sovrano: ma Francesco IV fu sordo a ogni richiesta di clemenza, volendo dare ai sudditi una lezione esemplare, per il doppio e potenzialmente \u201cpericoloso\u201d ruolo di Andreoli, pastore di anime ed educatore di giovani.<\/p>\n\n\n\n<p class=\"wp-block-paragraph\">Francesco IV volle anche umiliarlo, ordinando di ridurlo allo stato laicale. Cosa che il nuovo vescovo di Reggio, monsignor Angelo Ficarelli, si rifiut\u00f2 di fare: ma non quello di Carpi, Filippo Cattani; cos\u00ec il giorno prima dell&#8217;esecuzione, \u2013 prim&#8217;ancora che arrivasse l&#8217;autorizzazione dal Vaticano \u2013 fu \u201cspretato\u201d.<\/p>\n\n\n\n<p class=\"wp-block-paragraph\">Per mettere in atto l&#8217;esecuzione fece venire apposta da Brescia una ghigliottina e relativo boia. <strong>L&#8217;esecuzione pubblica era fissata per le 12 del 17 ottobre 1822<\/strong>, davanti al \u201cSasso\u201d di Rubiera.<\/p>\n\n\n\n<p class=\"wp-block-paragraph\">Stando alla tradizione, il condannato a morte si sarebbe tagliato i capelli da solo chiedendo di farne avere una ciocca alla madre; poi avrebbe donato ad altri carcerati i propri oggetti (tabacchiera, fazzoletto, libro).<\/p>\n\n\n\n<p class=\"wp-block-paragraph\">Sempre secondo alcune testimonianze, il povero sacerdote dopo aver prima rifiutato poi accettato la benda sugli occhi, sarebbe caduto in deliquio nel posizionarsi supino, tanto che la lama lo avrebbe colpito in malo modo, tagliandogli anche l&#8217;omero.<\/p>\n\n\n\n<p class=\"wp-block-paragraph\">Il corpo fu sepolto a Rubiera, in una chiesa sconsacrata, con i piedi rivolti a est e la testa mozzata fra le gambe. Nel 1887 fu riesumato e alcune ossa vennero restituite al suo paese natale, dove da quel giorno si trovano.<\/p>\n\n\n\n<h4 class=\"gb-headline gb-headline-f14fa72d gb-headline-text\">Riferimenti bibliografici<\/h4>\n\n\n\n<ul class=\"bibliografia wp-block-list\">\n<li>Wikipedia: <a href=\"https:\/\/it.wikipedia.org\/wiki\/Giuseppe_Andreoli_(patriota)\" target=\"_blank\" rel=\"noreferrer noopener\">https:\/\/it.wikipedia.org\/wiki\/Giuseppe_Andreoli_(patriota)<\/a><\/li>\n\n\n\n<li>Tullio Fontana, Prigionia e morte di don Andreoli: 17 febbraio-17 ottobre 1822, Tip. Della Camera Dei Deputati, 1918<\/li>\n\n\n\n<li>AA. VV. don Giuseppe Andreoli a 200 anni dalla nascita, 1789-6 gennaio 1989, Parrocchia di San Possidonio 1989<\/li>\n\n\n\n<li>Treccani On-Line: <a href=\"https:\/\/www.treccani.it\/enciclopedia\/giuseppe-andreoli_%28Dizionario-Biografico%29\/\" target=\"_blank\" rel=\"noreferrer noopener\">https:\/\/www.treccani.it\/enciclopedia\/giuseppe-andreoli_%28Dizionario-Biografico%29\/<\/a><\/li>\n<\/ul>\n\n<\/div><\/div>\n<\/div>","protected":false},"excerpt":{"rendered":"","protected":false},"author":1,"featured_media":0,"parent":1270,"menu_order":0,"comment_status":"closed","ping_status":"closed","template":"","meta":{"_eb_attr":"","footnotes":""},"class_list":["post-1340","page","type-page","status-publish"],"yoast_head":"<!-- This site is optimized with the Yoast SEO plugin v28.3 - https:\/\/yoast.com\/product\/yoast-seo-wordpress\/ -->\n<title>Don Giuseppe Andreoli - Ciro &amp; C.<\/title>\n<meta name=\"robots\" content=\"index, follow, max-snippet:-1, max-image-preview:large, max-video-preview:-1\" \/>\n<link rel=\"canonical\" href=\"https:\/\/www.alpelunata.it\/ciro\/biografie\/don-giuseppe-andreoli\/\" \/>\n<meta property=\"og:locale\" content=\"it_IT\" \/>\n<meta property=\"og:type\" content=\"article\" \/>\n<meta property=\"og:title\" content=\"Don Giuseppe Andreoli - Ciro &amp; C.\" \/>\n<meta property=\"og:url\" content=\"https:\/\/www.alpelunata.it\/ciro\/biografie\/don-giuseppe-andreoli\/\" \/>\n<meta property=\"og:site_name\" content=\"Ciro &amp; C.\" \/>\n<meta property=\"article:modified_time\" content=\"2023-03-22T18:05:15+00:00\" \/>\n<meta property=\"og:image\" content=\"https:\/\/www.alpelunata.it\/ciro\/wp-content\/uploads\/2023\/03\/ritratto-don-giuseppe-andreoli-square-300x300-1-e1679507319468.jpg\" \/>\n<meta name=\"twitter:card\" content=\"summary_large_image\" \/>\n<meta name=\"twitter:label1\" content=\"Tempo di lettura stimato\" \/>\n\t<meta name=\"twitter:data1\" content=\"5 minuti\" \/>\n<script type=\"application\/ld+json\" class=\"yoast-schema-graph\">{\"@context\":\"https:\\\/\\\/schema.org\",\"@graph\":[{\"@type\":\"WebPage\",\"@id\":\"https:\\\/\\\/www.alpelunata.it\\\/ciro\\\/biografie\\\/don-giuseppe-andreoli\\\/\",\"url\":\"https:\\\/\\\/www.alpelunata.it\\\/ciro\\\/biografie\\\/don-giuseppe-andreoli\\\/\",\"name\":\"Don Giuseppe Andreoli - Ciro &amp; C.\",\"isPartOf\":{\"@id\":\"https:\\\/\\\/www.alpelunata.it\\\/ciro\\\/#website\"},\"primaryImageOfPage\":{\"@id\":\"https:\\\/\\\/www.alpelunata.it\\\/ciro\\\/biografie\\\/don-giuseppe-andreoli\\\/#primaryimage\"},\"image\":{\"@id\":\"https:\\\/\\\/www.alpelunata.it\\\/ciro\\\/biografie\\\/don-giuseppe-andreoli\\\/#primaryimage\"},\"thumbnailUrl\":\"https:\\\/\\\/www.alpelunata.it\\\/ciro\\\/wp-content\\\/uploads\\\/2023\\\/03\\\/ritratto-don-giuseppe-andreoli-square-300x300-1-e1679507319468.jpg\",\"datePublished\":\"2023-03-02T12:02:50+00:00\",\"dateModified\":\"2023-03-22T18:05:15+00:00\",\"breadcrumb\":{\"@id\":\"https:\\\/\\\/www.alpelunata.it\\\/ciro\\\/biografie\\\/don-giuseppe-andreoli\\\/#breadcrumb\"},\"inLanguage\":\"it-IT\",\"potentialAction\":[{\"@type\":\"ReadAction\",\"target\":[\"https:\\\/\\\/www.alpelunata.it\\\/ciro\\\/biografie\\\/don-giuseppe-andreoli\\\/\"]}]},{\"@type\":\"ImageObject\",\"inLanguage\":\"it-IT\",\"@id\":\"https:\\\/\\\/www.alpelunata.it\\\/ciro\\\/biografie\\\/don-giuseppe-andreoli\\\/#primaryimage\",\"url\":\"https:\\\/\\\/www.alpelunata.it\\\/ciro\\\/wp-content\\\/uploads\\\/2023\\\/03\\\/ritratto-don-giuseppe-andreoli-square-300x300-1-e1679507319468.jpg\",\"contentUrl\":\"https:\\\/\\\/www.alpelunata.it\\\/ciro\\\/wp-content\\\/uploads\\\/2023\\\/03\\\/ritratto-don-giuseppe-andreoli-square-300x300-1-e1679507319468.jpg\",\"width\":300,\"height\":300,\"caption\":\"Don Giuseppe Andreoli\"},{\"@type\":\"BreadcrumbList\",\"@id\":\"https:\\\/\\\/www.alpelunata.it\\\/ciro\\\/biografie\\\/don-giuseppe-andreoli\\\/#breadcrumb\",\"itemListElement\":[{\"@type\":\"ListItem\",\"position\":1,\"name\":\"Home\",\"item\":\"https:\\\/\\\/www.alpelunata.it\\\/ciro\\\/\"},{\"@type\":\"ListItem\",\"position\":2,\"name\":\"Biografie\",\"item\":\"https:\\\/\\\/www.alpelunata.it\\\/ciro\\\/biografie\\\/\"},{\"@type\":\"ListItem\",\"position\":3,\"name\":\"Don Giuseppe Andreoli\"}]},{\"@type\":\"WebSite\",\"@id\":\"https:\\\/\\\/www.alpelunata.it\\\/ciro\\\/#website\",\"url\":\"https:\\\/\\\/www.alpelunata.it\\\/ciro\\\/\",\"name\":\"Ciro &amp; C.\",\"description\":\"elementi per un film\",\"publisher\":{\"@id\":\"https:\\\/\\\/www.alpelunata.it\\\/ciro\\\/#organization\"},\"potentialAction\":[{\"@type\":\"SearchAction\",\"target\":{\"@type\":\"EntryPoint\",\"urlTemplate\":\"https:\\\/\\\/www.alpelunata.it\\\/ciro\\\/?s={search_term_string}\"},\"query-input\":{\"@type\":\"PropertyValueSpecification\",\"valueRequired\":true,\"valueName\":\"search_term_string\"}}],\"inLanguage\":\"it-IT\"},{\"@type\":\"Organization\",\"@id\":\"https:\\\/\\\/www.alpelunata.it\\\/ciro\\\/#organization\",\"name\":\"Ciro &amp; C.\",\"url\":\"https:\\\/\\\/www.alpelunata.it\\\/ciro\\\/\",\"logo\":{\"@type\":\"ImageObject\",\"inLanguage\":\"it-IT\",\"@id\":\"https:\\\/\\\/www.alpelunata.it\\\/ciro\\\/#\\\/schema\\\/logo\\\/image\\\/\",\"url\":\"https:\\\/\\\/www.alpelunata.it\\\/ciro\\\/wp-content\\\/uploads\\\/2023\\\/03\\\/logo-ciro-100x100-1.png\",\"contentUrl\":\"https:\\\/\\\/www.alpelunata.it\\\/ciro\\\/wp-content\\\/uploads\\\/2023\\\/03\\\/logo-ciro-100x100-1.png\",\"width\":100,\"height\":100,\"caption\":\"Ciro &amp; C.\"},\"image\":{\"@id\":\"https:\\\/\\\/www.alpelunata.it\\\/ciro\\\/#\\\/schema\\\/logo\\\/image\\\/\"}}]}<\/script>\n<!-- \/ Yoast SEO plugin. -->","yoast_head_json":{"title":"Don Giuseppe Andreoli - Ciro &amp; C.","robots":{"index":"index","follow":"follow","max-snippet":"max-snippet:-1","max-image-preview":"max-image-preview:large","max-video-preview":"max-video-preview:-1"},"canonical":"https:\/\/www.alpelunata.it\/ciro\/biografie\/don-giuseppe-andreoli\/","og_locale":"it_IT","og_type":"article","og_title":"Don Giuseppe Andreoli - Ciro &amp; C.","og_url":"https:\/\/www.alpelunata.it\/ciro\/biografie\/don-giuseppe-andreoli\/","og_site_name":"Ciro &amp; C.","article_modified_time":"2023-03-22T18:05:15+00:00","og_image":[{"url":"https:\/\/www.alpelunata.it\/ciro\/wp-content\/uploads\/2023\/03\/ritratto-don-giuseppe-andreoli-square-300x300-1-e1679507319468.jpg","type":"","width":"","height":""}],"twitter_card":"summary_large_image","twitter_misc":{"Tempo di lettura stimato":"5 minuti"},"schema":{"@context":"https:\/\/schema.org","@graph":[{"@type":"WebPage","@id":"https:\/\/www.alpelunata.it\/ciro\/biografie\/don-giuseppe-andreoli\/","url":"https:\/\/www.alpelunata.it\/ciro\/biografie\/don-giuseppe-andreoli\/","name":"Don Giuseppe Andreoli - Ciro &amp; C.","isPartOf":{"@id":"https:\/\/www.alpelunata.it\/ciro\/#website"},"primaryImageOfPage":{"@id":"https:\/\/www.alpelunata.it\/ciro\/biografie\/don-giuseppe-andreoli\/#primaryimage"},"image":{"@id":"https:\/\/www.alpelunata.it\/ciro\/biografie\/don-giuseppe-andreoli\/#primaryimage"},"thumbnailUrl":"https:\/\/www.alpelunata.it\/ciro\/wp-content\/uploads\/2023\/03\/ritratto-don-giuseppe-andreoli-square-300x300-1-e1679507319468.jpg","datePublished":"2023-03-02T12:02:50+00:00","dateModified":"2023-03-22T18:05:15+00:00","breadcrumb":{"@id":"https:\/\/www.alpelunata.it\/ciro\/biografie\/don-giuseppe-andreoli\/#breadcrumb"},"inLanguage":"it-IT","potentialAction":[{"@type":"ReadAction","target":["https:\/\/www.alpelunata.it\/ciro\/biografie\/don-giuseppe-andreoli\/"]}]},{"@type":"ImageObject","inLanguage":"it-IT","@id":"https:\/\/www.alpelunata.it\/ciro\/biografie\/don-giuseppe-andreoli\/#primaryimage","url":"https:\/\/www.alpelunata.it\/ciro\/wp-content\/uploads\/2023\/03\/ritratto-don-giuseppe-andreoli-square-300x300-1-e1679507319468.jpg","contentUrl":"https:\/\/www.alpelunata.it\/ciro\/wp-content\/uploads\/2023\/03\/ritratto-don-giuseppe-andreoli-square-300x300-1-e1679507319468.jpg","width":300,"height":300,"caption":"Don Giuseppe Andreoli"},{"@type":"BreadcrumbList","@id":"https:\/\/www.alpelunata.it\/ciro\/biografie\/don-giuseppe-andreoli\/#breadcrumb","itemListElement":[{"@type":"ListItem","position":1,"name":"Home","item":"https:\/\/www.alpelunata.it\/ciro\/"},{"@type":"ListItem","position":2,"name":"Biografie","item":"https:\/\/www.alpelunata.it\/ciro\/biografie\/"},{"@type":"ListItem","position":3,"name":"Don Giuseppe Andreoli"}]},{"@type":"WebSite","@id":"https:\/\/www.alpelunata.it\/ciro\/#website","url":"https:\/\/www.alpelunata.it\/ciro\/","name":"Ciro &amp; C.","description":"elementi per un film","publisher":{"@id":"https:\/\/www.alpelunata.it\/ciro\/#organization"},"potentialAction":[{"@type":"SearchAction","target":{"@type":"EntryPoint","urlTemplate":"https:\/\/www.alpelunata.it\/ciro\/?s={search_term_string}"},"query-input":{"@type":"PropertyValueSpecification","valueRequired":true,"valueName":"search_term_string"}}],"inLanguage":"it-IT"},{"@type":"Organization","@id":"https:\/\/www.alpelunata.it\/ciro\/#organization","name":"Ciro &amp; C.","url":"https:\/\/www.alpelunata.it\/ciro\/","logo":{"@type":"ImageObject","inLanguage":"it-IT","@id":"https:\/\/www.alpelunata.it\/ciro\/#\/schema\/logo\/image\/","url":"https:\/\/www.alpelunata.it\/ciro\/wp-content\/uploads\/2023\/03\/logo-ciro-100x100-1.png","contentUrl":"https:\/\/www.alpelunata.it\/ciro\/wp-content\/uploads\/2023\/03\/logo-ciro-100x100-1.png","width":100,"height":100,"caption":"Ciro &amp; C."},"image":{"@id":"https:\/\/www.alpelunata.it\/ciro\/#\/schema\/logo\/image\/"}}]}},"_links":{"self":[{"href":"https:\/\/www.alpelunata.it\/ciro\/wp-json\/wp\/v2\/pages\/1340","targetHints":{"allow":["GET"]}}],"collection":[{"href":"https:\/\/www.alpelunata.it\/ciro\/wp-json\/wp\/v2\/pages"}],"about":[{"href":"https:\/\/www.alpelunata.it\/ciro\/wp-json\/wp\/v2\/types\/page"}],"author":[{"embeddable":true,"href":"https:\/\/www.alpelunata.it\/ciro\/wp-json\/wp\/v2\/users\/1"}],"replies":[{"embeddable":true,"href":"https:\/\/www.alpelunata.it\/ciro\/wp-json\/wp\/v2\/comments?post=1340"}],"version-history":[{"count":17,"href":"https:\/\/www.alpelunata.it\/ciro\/wp-json\/wp\/v2\/pages\/1340\/revisions"}],"predecessor-version":[{"id":1707,"href":"https:\/\/www.alpelunata.it\/ciro\/wp-json\/wp\/v2\/pages\/1340\/revisions\/1707"}],"up":[{"embeddable":true,"href":"https:\/\/www.alpelunata.it\/ciro\/wp-json\/wp\/v2\/pages\/1270"}],"wp:attachment":[{"href":"https:\/\/www.alpelunata.it\/ciro\/wp-json\/wp\/v2\/media?parent=1340"}],"curies":[{"name":"wp","href":"https:\/\/api.w.org\/{rel}","templated":true}]}}